{"id":12406,"date":"2025-11-11T10:42:51","date_gmt":"2025-11-11T09:42:51","guid":{"rendered":"https:\/\/fornimedical.ch\/?post_type=product&#038;p=12406"},"modified":"2026-01-30T11:43:58","modified_gmt":"2026-01-30T10:43:58","slug":"aircare-standard-ffp3-n99-masque-respiratoire-reutilisable","status":"publish","type":"product","link":"https:\/\/fornimedical.ch\/fr\/produit\/aircare-standard-ffp3-n99-masque-respiratoire-reutilisable\/","title":{"rendered":"AirCare+ Standard FFP3\/N99, masque de protection respiratoire r\u00e9utilisable"},"content":{"rendered":"<p>Le masque de protection respiratoire AirCare+ Standard s\u00e9duit par son ajustement pr\u00e9cis et ergonomique (bord \u00e9lastique, aucune fuite lat\u00e9rale) et emp\u00eache la formation de bu\u00e9e sur les verres de lunettes et les irritations oculaires. Il est compos\u00e9 \u00e0 100 % de silicone m\u00e9dical et est 100 % hypoallerg\u00e9nique. L&rsquo;air respir\u00e9 est filtr\u00e9 aussi bien lors de l&rsquo;inspiration que lors de l&rsquo;expiration. Gr\u00e2ce \u00e0 son excellent ajustement, le masque prot\u00e8ge non seulement le porteur (protection personnelle), mais aussi les personnes qui l&rsquo;entourent (protection des autres). Le filtre couvre l&rsquo;ensemble du cadre et peut \u00eatre facilement remplac\u00e9. Gr\u00e2ce au <strong>Valve Upgrade Kit<\/strong> (kit de mise \u00e0 niveau Valve), le masque standard peut \u00eatre facilement converti en mod\u00e8le Valve avec valve d&rsquo;expiration (protection personnelle uniquement). <strong>Le masque ne prot\u00e8ge pas contre les gaz et les vapeurs.<\/strong><\/p>\n<p><strong>Avantages :<\/strong><br \/>\n\u2022 R\u00e9utilisable<br \/>\n\u2022 Certifi\u00e9<br \/>\n\u2022 Dur\u00e9e de vie de 10 ans<br \/>\n\u2022 Rentable<br \/>\n\u2022 Durable<br \/>\n\u2022 Plus de s\u00e9curit\u00e9<br \/>\n\u2022 Faible r\u00e9sistance respiratoire<br \/>\n\u2022 Haute performance de filtration<br \/>\n\u2022 Surface filtrante accrue de 25 %<br \/>\n\u2022 Silicone hypoallerg\u00e9nique et sans substances nocives &#8211; Aucune r\u00e9action allergique ni \u00e9ruption cutan\u00e9e<br \/>\n\u2022 Protection des voies respiratoires de l&rsquo;utilisateur contre les particules fines et les agents pathog\u00e8nes biologiques pr\u00e9sents dans l&rsquo;air respirable<br \/>\n\u2022 Convient \u00e0 un usage industriel (protection contre la poussi\u00e8re, les a\u00e9rosols, la fum\u00e9e et l&rsquo;amiante)<\/p>\n","protected":false},"excerpt":{"rendered":"<p>Masque respiratoire en silicone m\u00e9dical, pr\u00eat \u00e0 l&#8217;emploi. Avec syst\u00e8me de filtres interchangeables, lavable et r\u00e9utilisable. Type : standard sans valve d&rsquo;expiration, avec 10 filtres de rechange. Durable gr\u00e2ce \u00e0 sa longue dur\u00e9e de vie de 10 ans. Fabriqu\u00e9 en Autriche. Unit\u00e9 de commande : 2 masques.<\/p>\n<p><span style=\"color: #3366ff;\"><strong>Prix de lancement jusqu&rsquo;au 30.06.2026<\/strong><\/span><\/p>\n","protected":false},"featured_media":12149,"comment_status":"closed","ping_status":"closed","template":"","meta":{"_acf_changed":false,"site-sidebar-layout":"default","site-content-layout":"","ast-site-content-layout":"default","site-content-style":"default","site-sidebar-style":"default","ast-global-header-display":"","ast-banner-title-visibility":"","ast-main-header-display":"","ast-hfb-above-header-display":"","ast-hfb-below-header-display":"","ast-hfb-mobile-header-display":"","site-post-title":"","ast-breadcrumbs-content":"","ast-featured-img":"","footer-sml-layout":"","theme-transparent-header-meta":"default","adv-header-id-meta":"","stick-header-meta":"","header-above-stick-meta":"","header-main-stick-meta":"","header-below-stick-meta":"","astra-migrate-meta-layouts":"set","ast-page-background-enabled":"default","ast-page-background-meta":{"desktop":{"background-color":"var(--ast-global-color-4)","background-image":"","background-repeat":"repeat","background-position":"center center","background-size":"auto","background-attachment":"scroll","background-type":"","background-media":"","overlay-type":"","overlay-color":"","overlay-opacity":"","overlay-gradient":""},"tablet":{"background-color":"","background-image":"","background-repeat":"repeat","background-position":"center center","background-size":"auto","background-attachment":"scroll","background-type":"","background-media":"","overlay-type":"","overlay-color":"","overlay-opacity":"","overlay-gradient":""},"mobile":{"background-color":"","background-image":"","background-repeat":"repeat","background-position":"center center","background-size":"auto","background-attachment":"scroll","background-type":"","background-media":"","overlay-type":"","overlay-color":"","overlay-opacity":"","overlay-gradient":""}},"ast-content-background-meta":{"desktop":{"background-color":"var(--ast-global-color-5)","background-image":"","background-repeat":"repeat","background-position":"center center","background-size":"auto","background-attachment":"scroll","background-type":"","background-media":"","overlay-type":"","overlay-color":"","overlay-opacity":"","overlay-gradient":""},"tablet":{"background-color":"var(--ast-global-color-5)","background-image":"","background-repeat":"repeat","background-position":"center center","background-size":"auto","background-attachment":"scroll","background-type":"","background-media":"","overlay-type":"","overlay-color":"","overlay-opacity":"","overlay-gradient":""},"mobile":{"background-color":"var(--ast-global-color-5)","background-image":"","background-repeat":"repeat","background-position":"center center","background-size":"auto","background-attachment":"scroll","background-type":"","background-media":"","overlay-type":"","overlay-color":"","overlay-opacity":"","overlay-gradient":""}}},"product_brand":[],"product_cat":[640],"product_tag":[],"class_list":{"0":"post-12406","1":"product","2":"type-product","3":"status-publish","4":"has-post-thumbnail","6":"product_cat-materiel-de-protection","7":"desktop-align-left","8":"tablet-align-left","9":"mobile-align-left","11":"first","12":"instock","13":"taxable","14":"shipping-taxable","15":"purchasable","16":"product-type-variable","17":"has-default-attributes","18":"add-to-wishlist-before_image"},"acf":[],"yoast_head":"<!-- This site is optimized with the Yoast SEO plugin v26.5 - https:\/\/yoast.com\/wordpress\/plugins\/seo\/ -->\n<title>AirCare+ Standard FFP3\/N99, masque de protection respiratoire r\u00e9utilisable - Forni Medical GmbH<\/title>\n<meta name=\"description\" content=\"Masque respiratoire en silicone m\u00e9dical. Avec syst\u00e8me de filtres interchangeables, lavable et r\u00e9utilisable. Dur\u00e9e de vie : 10 ans. Fabriqu\u00e9 en Autriche.\" \/>\n<meta name=\"robots\" content=\"index, follow, max-snippet:-1, max-image-preview:large, max-video-preview:-1\" \/>\n<link rel=\"canonical\" href=\"https:\/\/fornimedical.ch\/fr\/produit\/aircare-standard-ffp3-n99-masque-respiratoire-reutilisable\/\" \/>\n<meta property=\"og:locale\" content=\"fr_FR\" \/>\n<meta property=\"og:type\" content=\"article\" \/>\n<meta property=\"og:title\" content=\"AirCare+ Standard FFP3\/N99, masque de protection respiratoire r\u00e9utilisable - Forni Medical GmbH\" \/>\n<meta property=\"og:description\" content=\"Masque respiratoire en silicone m\u00e9dical. Avec syst\u00e8me de filtres interchangeables, lavable et r\u00e9utilisable. Dur\u00e9e de vie : 10 ans. Fabriqu\u00e9 en Autriche.\" \/>\n<meta property=\"og:url\" content=\"https:\/\/fornimedical.ch\/fr\/produit\/aircare-standard-ffp3-n99-masque-respiratoire-reutilisable\/\" \/>\n<meta property=\"og:site_name\" content=\"Forni Medical GmbH\" \/>\n<meta property=\"article:modified_time\" content=\"2026-01-30T10:43:58+00:00\" \/>\n<meta property=\"og:image\" content=\"https:\/\/fornimedical.ch\/wp-content\/uploads\/2025\/11\/AirCare-Plus-Masken_klein-scaled.jpg\" \/>\n\t<meta property=\"og:image:width\" content=\"2560\" \/>\n\t<meta property=\"og:image:height\" content=\"1440\" \/>\n\t<meta property=\"og:image:type\" content=\"image\/jpeg\" \/>\n<meta name=\"twitter:card\" content=\"summary_large_image\" \/>\n<meta name=\"twitter:label1\" content=\"Dur\u00e9e de lecture estim\u00e9e\" \/>\n\t<meta name=\"twitter:data1\" content=\"2 minutes\" \/>\n<script type=\"application\/ld+json\" class=\"yoast-schema-graph\">{\"@context\":\"https:\/\/schema.org\",\"@graph\":[{\"@type\":\"WebPage\",\"@id\":\"https:\/\/fornimedical.ch\/fr\/produit\/aircare-standard-ffp3-n99-masque-respiratoire-reutilisable\/\",\"url\":\"https:\/\/fornimedical.ch\/fr\/produit\/aircare-standard-ffp3-n99-masque-respiratoire-reutilisable\/\",\"name\":\"AirCare+ Standard FFP3\/N99, masque de protection respiratoire r\u00e9utilisable - Forni Medical GmbH\",\"isPartOf\":{\"@id\":\"https:\/\/fornimedical.ch\/fr\/#website\"},\"primaryImageOfPage\":{\"@id\":\"https:\/\/fornimedical.ch\/fr\/produit\/aircare-standard-ffp3-n99-masque-respiratoire-reutilisable\/#primaryimage\"},\"image\":{\"@id\":\"https:\/\/fornimedical.ch\/fr\/produit\/aircare-standard-ffp3-n99-masque-respiratoire-reutilisable\/#primaryimage\"},\"thumbnailUrl\":\"https:\/\/fornimedical.ch\/wp-content\/uploads\/2025\/11\/AirCare-Plus-Masken_klein-scaled.jpg\",\"datePublished\":\"2025-11-11T09:42:51+00:00\",\"dateModified\":\"2026-01-30T10:43:58+00:00\",\"description\":\"Masque respiratoire en silicone m\u00e9dical. Avec syst\u00e8me de filtres interchangeables, lavable et r\u00e9utilisable. Dur\u00e9e de vie : 10 ans. Fabriqu\u00e9 en Autriche.\",\"breadcrumb\":{\"@id\":\"https:\/\/fornimedical.ch\/fr\/produit\/aircare-standard-ffp3-n99-masque-respiratoire-reutilisable\/#breadcrumb\"},\"inLanguage\":\"fr-FR\",\"potentialAction\":[{\"@type\":\"ReadAction\",\"target\":[\"https:\/\/fornimedical.ch\/fr\/produit\/aircare-standard-ffp3-n99-masque-respiratoire-reutilisable\/\"]}]},{\"@type\":\"ImageObject\",\"inLanguage\":\"fr-FR\",\"@id\":\"https:\/\/fornimedical.ch\/fr\/produit\/aircare-standard-ffp3-n99-masque-respiratoire-reutilisable\/#primaryimage\",\"url\":\"https:\/\/fornimedical.ch\/wp-content\/uploads\/2025\/11\/AirCare-Plus-Masken_klein-scaled.jpg\",\"contentUrl\":\"https:\/\/fornimedical.ch\/wp-content\/uploads\/2025\/11\/AirCare-Plus-Masken_klein-scaled.jpg\",\"width\":2560,\"height\":1440,\"caption\":\"AirCare Plus Maske\"},{\"@type\":\"BreadcrumbList\",\"@id\":\"https:\/\/fornimedical.ch\/fr\/produit\/aircare-standard-ffp3-n99-masque-respiratoire-reutilisable\/#breadcrumb\",\"itemListElement\":[{\"@type\":\"ListItem\",\"position\":1,\"name\":\"Home\",\"item\":\"https:\/\/fornimedical.ch\/fr\/\"},{\"@type\":\"ListItem\",\"position\":2,\"name\":\"Archives boutique en ligne\",\"item\":\"https:\/\/fornimedical.ch\/fr\/archives-boutique-en-ligne\/\"},{\"@type\":\"ListItem\",\"position\":3,\"name\":\"AirCare+ Standard FFP3\/N99, masque de protection respiratoire r\u00e9utilisable\"}]},{\"@type\":\"WebSite\",\"@id\":\"https:\/\/fornimedical.ch\/fr\/#website\",\"url\":\"https:\/\/fornimedical.ch\/fr\/\",\"name\":\"Forni Medical GmbH\",\"description\":\"\",\"publisher\":{\"@id\":\"https:\/\/fornimedical.ch\/fr\/#organization\"},\"potentialAction\":[{\"@type\":\"SearchAction\",\"target\":{\"@type\":\"EntryPoint\",\"urlTemplate\":\"https:\/\/fornimedical.ch\/fr\/?s={search_term_string}\"},\"query-input\":{\"@type\":\"PropertyValueSpecification\",\"valueRequired\":true,\"valueName\":\"search_term_string\"}}],\"inLanguage\":\"fr-FR\"},{\"@type\":\"Organization\",\"@id\":\"https:\/\/fornimedical.ch\/fr\/#organization\",\"name\":\"Forni Medical GmbH\",\"url\":\"https:\/\/fornimedical.ch\/fr\/\",\"logo\":{\"@type\":\"ImageObject\",\"inLanguage\":\"fr-FR\",\"@id\":\"https:\/\/fornimedical.ch\/fr\/#\/schema\/logo\/image\/\",\"url\":\"https:\/\/fornimedical.ch\/wp-content\/uploads\/2023\/08\/logo.svg\",\"contentUrl\":\"https:\/\/fornimedical.ch\/wp-content\/uploads\/2023\/08\/logo.svg\",\"caption\":\"Forni Medical GmbH\"},\"image\":{\"@id\":\"https:\/\/fornimedical.ch\/fr\/#\/schema\/logo\/image\/\"}}]}<\/script>\n<!-- \/ Yoast SEO plugin. -->","yoast_head_json":{"title":"AirCare+ Standard FFP3\/N99, masque de protection respiratoire r\u00e9utilisable - Forni Medical GmbH","description":"Masque respiratoire en silicone m\u00e9dical. Avec syst\u00e8me de filtres interchangeables, lavable et r\u00e9utilisable. Dur\u00e9e de vie : 10 ans. Fabriqu\u00e9 en Autriche.","robots":{"index":"index","follow":"follow","max-snippet":"max-snippet:-1","max-image-preview":"max-image-preview:large","max-video-preview":"max-video-preview:-1"},"canonical":"https:\/\/fornimedical.ch\/fr\/produit\/aircare-standard-ffp3-n99-masque-respiratoire-reutilisable\/","og_locale":"fr_FR","og_type":"article","og_title":"AirCare+ Standard FFP3\/N99, masque de protection respiratoire r\u00e9utilisable - Forni Medical GmbH","og_description":"Masque respiratoire en silicone m\u00e9dical. Avec syst\u00e8me de filtres interchangeables, lavable et r\u00e9utilisable. Dur\u00e9e de vie : 10 ans. Fabriqu\u00e9 en Autriche.","og_url":"https:\/\/fornimedical.ch\/fr\/produit\/aircare-standard-ffp3-n99-masque-respiratoire-reutilisable\/","og_site_name":"Forni Medical GmbH","article_modified_time":"2026-01-30T10:43:58+00:00","og_image":[{"width":2560,"height":1440,"url":"https:\/\/fornimedical.ch\/wp-content\/uploads\/2025\/11\/AirCare-Plus-Masken_klein-scaled.jpg","type":"image\/jpeg"}],"twitter_card":"summary_large_image","twitter_misc":{"Dur\u00e9e de lecture estim\u00e9e":"2 minutes"},"schema":{"@context":"https:\/\/schema.org","@graph":[{"@type":"WebPage","@id":"https:\/\/fornimedical.ch\/fr\/produit\/aircare-standard-ffp3-n99-masque-respiratoire-reutilisable\/","url":"https:\/\/fornimedical.ch\/fr\/produit\/aircare-standard-ffp3-n99-masque-respiratoire-reutilisable\/","name":"AirCare+ Standard FFP3\/N99, masque de protection respiratoire r\u00e9utilisable - Forni Medical GmbH","isPartOf":{"@id":"https:\/\/fornimedical.ch\/fr\/#website"},"primaryImageOfPage":{"@id":"https:\/\/fornimedical.ch\/fr\/produit\/aircare-standard-ffp3-n99-masque-respiratoire-reutilisable\/#primaryimage"},"image":{"@id":"https:\/\/fornimedical.ch\/fr\/produit\/aircare-standard-ffp3-n99-masque-respiratoire-reutilisable\/#primaryimage"},"thumbnailUrl":"https:\/\/fornimedical.ch\/wp-content\/uploads\/2025\/11\/AirCare-Plus-Masken_klein-scaled.jpg","datePublished":"2025-11-11T09:42:51+00:00","dateModified":"2026-01-30T10:43:58+00:00","description":"Masque respiratoire en silicone m\u00e9dical. Avec syst\u00e8me de filtres interchangeables, lavable et r\u00e9utilisable. Dur\u00e9e de vie : 10 ans. Fabriqu\u00e9 en Autriche.","breadcrumb":{"@id":"https:\/\/fornimedical.ch\/fr\/produit\/aircare-standard-ffp3-n99-masque-respiratoire-reutilisable\/#breadcrumb"},"inLanguage":"fr-FR","potentialAction":[{"@type":"ReadAction","target":["https:\/\/fornimedical.ch\/fr\/produit\/aircare-standard-ffp3-n99-masque-respiratoire-reutilisable\/"]}]},{"@type":"ImageObject","inLanguage":"fr-FR","@id":"https:\/\/fornimedical.ch\/fr\/produit\/aircare-standard-ffp3-n99-masque-respiratoire-reutilisable\/#primaryimage","url":"https:\/\/fornimedical.ch\/wp-content\/uploads\/2025\/11\/AirCare-Plus-Masken_klein-scaled.jpg","contentUrl":"https:\/\/fornimedical.ch\/wp-content\/uploads\/2025\/11\/AirCare-Plus-Masken_klein-scaled.jpg","width":2560,"height":1440,"caption":"AirCare Plus Maske"},{"@type":"BreadcrumbList","@id":"https:\/\/fornimedical.ch\/fr\/produit\/aircare-standard-ffp3-n99-masque-respiratoire-reutilisable\/#breadcrumb","itemListElement":[{"@type":"ListItem","position":1,"name":"Home","item":"https:\/\/fornimedical.ch\/fr\/"},{"@type":"ListItem","position":2,"name":"Archives boutique en ligne","item":"https:\/\/fornimedical.ch\/fr\/archives-boutique-en-ligne\/"},{"@type":"ListItem","position":3,"name":"AirCare+ Standard FFP3\/N99, masque de protection respiratoire r\u00e9utilisable"}]},{"@type":"WebSite","@id":"https:\/\/fornimedical.ch\/fr\/#website","url":"https:\/\/fornimedical.ch\/fr\/","name":"Forni Medical GmbH","description":"","publisher":{"@id":"https:\/\/fornimedical.ch\/fr\/#organization"},"potentialAction":[{"@type":"SearchAction","target":{"@type":"EntryPoint","urlTemplate":"https:\/\/fornimedical.ch\/fr\/?s={search_term_string}"},"query-input":{"@type":"PropertyValueSpecification","valueRequired":true,"valueName":"search_term_string"}}],"inLanguage":"fr-FR"},{"@type":"Organization","@id":"https:\/\/fornimedical.ch\/fr\/#organization","name":"Forni Medical GmbH","url":"https:\/\/fornimedical.ch\/fr\/","logo":{"@type":"ImageObject","inLanguage":"fr-FR","@id":"https:\/\/fornimedical.ch\/fr\/#\/schema\/logo\/image\/","url":"https:\/\/fornimedical.ch\/wp-content\/uploads\/2023\/08\/logo.svg","contentUrl":"https:\/\/fornimedical.ch\/wp-content\/uploads\/2023\/08\/logo.svg","caption":"Forni Medical GmbH"},"image":{"@id":"https:\/\/fornimedical.ch\/fr\/#\/schema\/logo\/image\/"}}]}},"_links":{"self":[{"href":"https:\/\/fornimedical.ch\/fr\/wp-json\/wp\/v2\/product\/12406","targetHints":{"allow":["GET"]}}],"collection":[{"href":"https:\/\/fornimedical.ch\/fr\/wp-json\/wp\/v2\/product"}],"about":[{"href":"https:\/\/fornimedical.ch\/fr\/wp-json\/wp\/v2\/types\/product"}],"replies":[{"embeddable":true,"href":"https:\/\/fornimedical.ch\/fr\/wp-json\/wp\/v2\/comments?post=12406"}],"wp:featuredmedia":[{"embeddable":true,"href":"https:\/\/fornimedical.ch\/fr\/wp-json\/wp\/v2\/media\/12149"}],"wp:attachment":[{"href":"https:\/\/fornimedical.ch\/fr\/wp-json\/wp\/v2\/media?parent=12406"}],"wp:term":[{"taxonomy":"product_brand","embeddable":true,"href":"https:\/\/fornimedical.ch\/fr\/wp-json\/wp\/v2\/product_brand?post=12406"},{"taxonomy":"product_cat","embeddable":true,"href":"https:\/\/fornimedical.ch\/fr\/wp-json\/wp\/v2\/product_cat?post=12406"},{"taxonomy":"product_tag","embeddable":true,"href":"https:\/\/fornimedical.ch\/fr\/wp-json\/wp\/v2\/product_tag?post=12406"}],"curies":[{"name":"wp","href":"https:\/\/api.w.org\/{rel}","templated":true}]}}