{"id":12397,"date":"2026-01-20T14:33:05","date_gmt":"2026-01-20T13:33:05","guid":{"rendered":"https:\/\/fornimedical.ch\/?post_type=product&#038;p=12397"},"modified":"2026-01-22T09:54:50","modified_gmt":"2026-01-22T08:54:50","slug":"bumi-oreiller-pour-bebe-orthia","status":"publish","type":"product","link":"https:\/\/fornimedical.ch\/fr\/produit\/bumi-oreiller-pour-bebe-orthia\/","title":{"rendered":"BUMI oreiller pour b\u00e9b\u00e9 Orthia"},"content":{"rendered":"<p>Le coussin BUMI pour b\u00e9b\u00e9s a \u00e9t\u00e9 con\u00e7u pour pr\u00e9venir et corriger les d\u00e9formations cr\u00e2niennes telles que la plagioc\u00e9phalie, la brachyc\u00e9phalie et la scaphocephalie au cours des premiers mois de vie du b\u00e9b\u00e9. Gr\u00e2ce \u00e0 son renfoncement central qui maximise la surface d&rsquo;appui, il r\u00e9duit la pression exerc\u00e9e sur la t\u00eate en position couch\u00e9e sur le dos (visage et torse vers le haut) et la r\u00e9partit uniform\u00e9ment, favorisant ainsi le r\u00e9tablissement de sa forme ronde. La housse ext\u00e9rieure en tissu 3D respirant et anti-\u00e9touffement contient \u00e0 l&rsquo;int\u00e9rieur un mince film imperm\u00e9able qui emp\u00eache les liquides de p\u00e9n\u00e9trer dans la mousse. Gr\u00e2ce \u00e0 sa forme anatomique, il s&rsquo;adapte \u00e0 la forme de la t\u00eate du b\u00e9b\u00e9 et permet une libert\u00e9 de mouvement et de rotation de la t\u00eate. Cela renforce les muscles du cou et favorise la forme ronde naturelle de la t\u00eate.<\/p>\n<p>Avantages :<br \/>\n\u2022 Ergonomique<br \/>\n\u2022 Tissu anti-\u00e9touffement<br \/>\n\u2022 R\u00e9duit la pression sur le cr\u00e2ne du b\u00e9b\u00e9<br \/>\n\u2022 Favorise le sommeil du b\u00e9b\u00e9<br \/>\n\u2022 Pr\u00e9vient le syndrome de la t\u00eate plate<br \/>\n\u2022 Sans latex<\/p>\n<p><strong>L&rsquo;oreiller BUMI ne pr\u00e9vient pas le SMSN (syndrome de mort subite du nourrisson).<\/strong><\/p>\n<p>Veuillez respecter le mode d&#8217;emploi !<\/p>\n","protected":false},"excerpt":{"rendered":"<p>Coussin pour b\u00e9b\u00e9s destin\u00e9 \u00e0 pr\u00e9venir et \u00e0 corriger les d\u00e9formations cr\u00e2niennes au cours des premiers mois de vie. Le coussin BUMI est actuellement disponible en deux tailles. La taille S est recommand\u00e9e pour les b\u00e9b\u00e9s jusqu&rsquo;\u00e0 3 mois dont le tour de t\u00eate ne d\u00e9passe pas 42 cm. La taille M est recommand\u00e9e pour les b\u00e9b\u00e9s dont le tour de t\u00eate est compris entre 40 cm et 45 cm, ce qui correspond approximativement \u00e0 un \u00e2ge compris entre 3 et 9 mois. La taille L sera bient\u00f4t disponible pour les b\u00e9b\u00e9s dont le tour de t\u00eate est sup\u00e9rieur \u00e0 44 cm, g\u00e9n\u00e9ralement pour les b\u00e9b\u00e9s \u00e2g\u00e9s de plus de 9 mois.<\/p>\n<p><strong>L&rsquo;oreiller BUMI ne pr\u00e9vient pas le SMSN (syndrome de mort subite du nourrisson).<\/strong><\/p>\n","protected":false},"featured_media":12392,"comment_status":"closed","ping_status":"closed","template":"","meta":{"_acf_changed":false,"site-sidebar-layout":"default","site-content-layout":"","ast-site-content-layout":"default","site-content-style":"default","site-sidebar-style":"default","ast-global-header-display":"","ast-banner-title-visibility":"","ast-main-header-display":"","ast-hfb-above-header-display":"","ast-hfb-below-header-display":"","ast-hfb-mobile-header-display":"","site-post-title":"","ast-breadcrumbs-content":"","ast-featured-img":"","footer-sml-layout":"","theme-transparent-header-meta":"default","adv-header-id-meta":"","stick-header-meta":"","header-above-stick-meta":"","header-main-stick-meta":"","header-below-stick-meta":"","astra-migrate-meta-layouts":"set","ast-page-background-enabled":"default","ast-page-background-meta":{"desktop":{"background-color":"var(--ast-global-color-4)","background-image":"","background-repeat":"repeat","background-position":"center center","background-size":"auto","background-attachment":"scroll","background-type":"","background-media":"","overlay-type":"","overlay-color":"","overlay-opacity":"","overlay-gradient":""},"tablet":{"background-color":"","background-image":"","background-repeat":"repeat","background-position":"center center","background-size":"auto","background-attachment":"scroll","background-type":"","background-media":"","overlay-type":"","overlay-color":"","overlay-opacity":"","overlay-gradient":""},"mobile":{"background-color":"","background-image":"","background-repeat":"repeat","background-position":"center center","background-size":"auto","background-attachment":"scroll","background-type":"","background-media":"","overlay-type":"","overlay-color":"","overlay-opacity":"","overlay-gradient":""}},"ast-content-background-meta":{"desktop":{"background-color":"var(--ast-global-color-5)","background-image":"","background-repeat":"repeat","background-position":"center center","background-size":"auto","background-attachment":"scroll","background-type":"","background-media":"","overlay-type":"","overlay-color":"","overlay-opacity":"","overlay-gradient":""},"tablet":{"background-color":"var(--ast-global-color-5)","background-image":"","background-repeat":"repeat","background-position":"center center","background-size":"auto","background-attachment":"scroll","background-type":"","background-media":"","overlay-type":"","overlay-color":"","overlay-opacity":"","overlay-gradient":""},"mobile":{"background-color":"var(--ast-global-color-5)","background-image":"","background-repeat":"repeat","background-position":"center center","background-size":"auto","background-attachment":"scroll","background-type":"","background-media":"","overlay-type":"","overlay-color":"","overlay-opacity":"","overlay-gradient":""}}},"product_brand":[],"product_cat":[935],"product_tag":[],"class_list":{"0":"post-12397","1":"product","2":"type-product","3":"status-publish","4":"has-post-thumbnail","6":"product_cat-oreillier-pour-bebes","7":"desktop-align-left","8":"tablet-align-left","9":"mobile-align-left","11":"first","12":"instock","13":"taxable","14":"shipping-taxable","15":"purchasable","16":"product-type-variable","17":"has-default-attributes","18":"add-to-wishlist-before_image"},"acf":[],"yoast_head":"<!-- This site is optimized with the Yoast SEO plugin v26.5 - https:\/\/yoast.com\/wordpress\/plugins\/seo\/ -->\n<title>BUMI oreiller pour b\u00e9b\u00e9 Orthia - Forni Medical GmbH<\/title>\n<meta name=\"description\" content=\"Coussin pour b\u00e9b\u00e9s destin\u00e9 \u00e0 pr\u00e9venir et \u00e0 corriger les d\u00e9formations cr\u00e2niennes au cours des premiers mois de vie.\" \/>\n<meta name=\"robots\" content=\"index, follow, max-snippet:-1, max-image-preview:large, max-video-preview:-1\" \/>\n<link rel=\"canonical\" href=\"https:\/\/fornimedical.ch\/fr\/produit\/bumi-oreiller-pour-bebe-orthia\/\" \/>\n<meta property=\"og:locale\" content=\"fr_FR\" \/>\n<meta property=\"og:type\" content=\"article\" \/>\n<meta property=\"og:title\" content=\"BUMI oreiller pour b\u00e9b\u00e9 Orthia - Forni Medical GmbH\" \/>\n<meta property=\"og:description\" content=\"Coussin pour b\u00e9b\u00e9s destin\u00e9 \u00e0 pr\u00e9venir et \u00e0 corriger les d\u00e9formations cr\u00e2niennes au cours des premiers mois de vie.\" \/>\n<meta property=\"og:url\" content=\"https:\/\/fornimedical.ch\/fr\/produit\/bumi-oreiller-pour-bebe-orthia\/\" \/>\n<meta property=\"og:site_name\" content=\"Forni Medical GmbH\" \/>\n<meta property=\"article:modified_time\" content=\"2026-01-22T08:54:50+00:00\" \/>\n<meta property=\"og:image\" content=\"https:\/\/fornimedical.ch\/wp-content\/uploads\/2026\/01\/BUMI_Almofada-para-Bebe_Aplicacao_Klein-scaled.jpg\" \/>\n\t<meta property=\"og:image:width\" content=\"2560\" \/>\n\t<meta property=\"og:image:height\" content=\"1707\" \/>\n\t<meta property=\"og:image:type\" content=\"image\/jpeg\" \/>\n<meta name=\"twitter:card\" content=\"summary_large_image\" \/>\n<meta name=\"twitter:label1\" content=\"Dur\u00e9e de lecture estim\u00e9e\" \/>\n\t<meta name=\"twitter:data1\" content=\"2 minutes\" \/>\n<script type=\"application\/ld+json\" class=\"yoast-schema-graph\">{\"@context\":\"https:\/\/schema.org\",\"@graph\":[{\"@type\":\"WebPage\",\"@id\":\"https:\/\/fornimedical.ch\/fr\/produit\/bumi-oreiller-pour-bebe-orthia\/\",\"url\":\"https:\/\/fornimedical.ch\/fr\/produit\/bumi-oreiller-pour-bebe-orthia\/\",\"name\":\"BUMI oreiller pour b\u00e9b\u00e9 Orthia - Forni Medical GmbH\",\"isPartOf\":{\"@id\":\"https:\/\/fornimedical.ch\/fr\/#website\"},\"primaryImageOfPage\":{\"@id\":\"https:\/\/fornimedical.ch\/fr\/produit\/bumi-oreiller-pour-bebe-orthia\/#primaryimage\"},\"image\":{\"@id\":\"https:\/\/fornimedical.ch\/fr\/produit\/bumi-oreiller-pour-bebe-orthia\/#primaryimage\"},\"thumbnailUrl\":\"https:\/\/fornimedical.ch\/wp-content\/uploads\/2026\/01\/BUMI_Almofada-para-Bebe_Aplicacao_Klein-scaled.jpg\",\"datePublished\":\"2026-01-20T13:33:05+00:00\",\"dateModified\":\"2026-01-22T08:54:50+00:00\",\"description\":\"Coussin pour b\u00e9b\u00e9s destin\u00e9 \u00e0 pr\u00e9venir et \u00e0 corriger les d\u00e9formations cr\u00e2niennes au cours des premiers mois de vie.\",\"breadcrumb\":{\"@id\":\"https:\/\/fornimedical.ch\/fr\/produit\/bumi-oreiller-pour-bebe-orthia\/#breadcrumb\"},\"inLanguage\":\"fr-FR\",\"potentialAction\":[{\"@type\":\"ReadAction\",\"target\":[\"https:\/\/fornimedical.ch\/fr\/produit\/bumi-oreiller-pour-bebe-orthia\/\"]}]},{\"@type\":\"ImageObject\",\"inLanguage\":\"fr-FR\",\"@id\":\"https:\/\/fornimedical.ch\/fr\/produit\/bumi-oreiller-pour-bebe-orthia\/#primaryimage\",\"url\":\"https:\/\/fornimedical.ch\/wp-content\/uploads\/2026\/01\/BUMI_Almofada-para-Bebe_Aplicacao_Klein-scaled.jpg\",\"contentUrl\":\"https:\/\/fornimedical.ch\/wp-content\/uploads\/2026\/01\/BUMI_Almofada-para-Bebe_Aplicacao_Klein-scaled.jpg\",\"width\":2560,\"height\":1707},{\"@type\":\"BreadcrumbList\",\"@id\":\"https:\/\/fornimedical.ch\/fr\/produit\/bumi-oreiller-pour-bebe-orthia\/#breadcrumb\",\"itemListElement\":[{\"@type\":\"ListItem\",\"position\":1,\"name\":\"Home\",\"item\":\"https:\/\/fornimedical.ch\/fr\/\"},{\"@type\":\"ListItem\",\"position\":2,\"name\":\"Archives boutique en ligne\",\"item\":\"https:\/\/fornimedical.ch\/fr\/archives-boutique-en-ligne\/\"},{\"@type\":\"ListItem\",\"position\":3,\"name\":\"BUMI oreiller pour b\u00e9b\u00e9 Orthia\"}]},{\"@type\":\"WebSite\",\"@id\":\"https:\/\/fornimedical.ch\/fr\/#website\",\"url\":\"https:\/\/fornimedical.ch\/fr\/\",\"name\":\"Forni Medical GmbH\",\"description\":\"\",\"publisher\":{\"@id\":\"https:\/\/fornimedical.ch\/fr\/#organization\"},\"potentialAction\":[{\"@type\":\"SearchAction\",\"target\":{\"@type\":\"EntryPoint\",\"urlTemplate\":\"https:\/\/fornimedical.ch\/fr\/?s={search_term_string}\"},\"query-input\":{\"@type\":\"PropertyValueSpecification\",\"valueRequired\":true,\"valueName\":\"search_term_string\"}}],\"inLanguage\":\"fr-FR\"},{\"@type\":\"Organization\",\"@id\":\"https:\/\/fornimedical.ch\/fr\/#organization\",\"name\":\"Forni Medical GmbH\",\"url\":\"https:\/\/fornimedical.ch\/fr\/\",\"logo\":{\"@type\":\"ImageObject\",\"inLanguage\":\"fr-FR\",\"@id\":\"https:\/\/fornimedical.ch\/fr\/#\/schema\/logo\/image\/\",\"url\":\"https:\/\/fornimedical.ch\/wp-content\/uploads\/2023\/08\/logo.svg\",\"contentUrl\":\"https:\/\/fornimedical.ch\/wp-content\/uploads\/2023\/08\/logo.svg\",\"caption\":\"Forni Medical GmbH\"},\"image\":{\"@id\":\"https:\/\/fornimedical.ch\/fr\/#\/schema\/logo\/image\/\"}}]}<\/script>\n<!-- \/ Yoast SEO plugin. -->","yoast_head_json":{"title":"BUMI oreiller pour b\u00e9b\u00e9 Orthia - Forni Medical GmbH","description":"Coussin pour b\u00e9b\u00e9s destin\u00e9 \u00e0 pr\u00e9venir et \u00e0 corriger les d\u00e9formations cr\u00e2niennes au cours des premiers mois de vie.","robots":{"index":"index","follow":"follow","max-snippet":"max-snippet:-1","max-image-preview":"max-image-preview:large","max-video-preview":"max-video-preview:-1"},"canonical":"https:\/\/fornimedical.ch\/fr\/produit\/bumi-oreiller-pour-bebe-orthia\/","og_locale":"fr_FR","og_type":"article","og_title":"BUMI oreiller pour b\u00e9b\u00e9 Orthia - Forni Medical GmbH","og_description":"Coussin pour b\u00e9b\u00e9s destin\u00e9 \u00e0 pr\u00e9venir et \u00e0 corriger les d\u00e9formations cr\u00e2niennes au cours des premiers mois de vie.","og_url":"https:\/\/fornimedical.ch\/fr\/produit\/bumi-oreiller-pour-bebe-orthia\/","og_site_name":"Forni Medical GmbH","article_modified_time":"2026-01-22T08:54:50+00:00","og_image":[{"width":2560,"height":1707,"url":"https:\/\/fornimedical.ch\/wp-content\/uploads\/2026\/01\/BUMI_Almofada-para-Bebe_Aplicacao_Klein-scaled.jpg","type":"image\/jpeg"}],"twitter_card":"summary_large_image","twitter_misc":{"Dur\u00e9e de lecture estim\u00e9e":"2 minutes"},"schema":{"@context":"https:\/\/schema.org","@graph":[{"@type":"WebPage","@id":"https:\/\/fornimedical.ch\/fr\/produit\/bumi-oreiller-pour-bebe-orthia\/","url":"https:\/\/fornimedical.ch\/fr\/produit\/bumi-oreiller-pour-bebe-orthia\/","name":"BUMI oreiller pour b\u00e9b\u00e9 Orthia - Forni Medical GmbH","isPartOf":{"@id":"https:\/\/fornimedical.ch\/fr\/#website"},"primaryImageOfPage":{"@id":"https:\/\/fornimedical.ch\/fr\/produit\/bumi-oreiller-pour-bebe-orthia\/#primaryimage"},"image":{"@id":"https:\/\/fornimedical.ch\/fr\/produit\/bumi-oreiller-pour-bebe-orthia\/#primaryimage"},"thumbnailUrl":"https:\/\/fornimedical.ch\/wp-content\/uploads\/2026\/01\/BUMI_Almofada-para-Bebe_Aplicacao_Klein-scaled.jpg","datePublished":"2026-01-20T13:33:05+00:00","dateModified":"2026-01-22T08:54:50+00:00","description":"Coussin pour b\u00e9b\u00e9s destin\u00e9 \u00e0 pr\u00e9venir et \u00e0 corriger les d\u00e9formations cr\u00e2niennes au cours des premiers mois de vie.","breadcrumb":{"@id":"https:\/\/fornimedical.ch\/fr\/produit\/bumi-oreiller-pour-bebe-orthia\/#breadcrumb"},"inLanguage":"fr-FR","potentialAction":[{"@type":"ReadAction","target":["https:\/\/fornimedical.ch\/fr\/produit\/bumi-oreiller-pour-bebe-orthia\/"]}]},{"@type":"ImageObject","inLanguage":"fr-FR","@id":"https:\/\/fornimedical.ch\/fr\/produit\/bumi-oreiller-pour-bebe-orthia\/#primaryimage","url":"https:\/\/fornimedical.ch\/wp-content\/uploads\/2026\/01\/BUMI_Almofada-para-Bebe_Aplicacao_Klein-scaled.jpg","contentUrl":"https:\/\/fornimedical.ch\/wp-content\/uploads\/2026\/01\/BUMI_Almofada-para-Bebe_Aplicacao_Klein-scaled.jpg","width":2560,"height":1707},{"@type":"BreadcrumbList","@id":"https:\/\/fornimedical.ch\/fr\/produit\/bumi-oreiller-pour-bebe-orthia\/#breadcrumb","itemListElement":[{"@type":"ListItem","position":1,"name":"Home","item":"https:\/\/fornimedical.ch\/fr\/"},{"@type":"ListItem","position":2,"name":"Archives boutique en ligne","item":"https:\/\/fornimedical.ch\/fr\/archives-boutique-en-ligne\/"},{"@type":"ListItem","position":3,"name":"BUMI oreiller pour b\u00e9b\u00e9 Orthia"}]},{"@type":"WebSite","@id":"https:\/\/fornimedical.ch\/fr\/#website","url":"https:\/\/fornimedical.ch\/fr\/","name":"Forni Medical GmbH","description":"","publisher":{"@id":"https:\/\/fornimedical.ch\/fr\/#organization"},"potentialAction":[{"@type":"SearchAction","target":{"@type":"EntryPoint","urlTemplate":"https:\/\/fornimedical.ch\/fr\/?s={search_term_string}"},"query-input":{"@type":"PropertyValueSpecification","valueRequired":true,"valueName":"search_term_string"}}],"inLanguage":"fr-FR"},{"@type":"Organization","@id":"https:\/\/fornimedical.ch\/fr\/#organization","name":"Forni Medical GmbH","url":"https:\/\/fornimedical.ch\/fr\/","logo":{"@type":"ImageObject","inLanguage":"fr-FR","@id":"https:\/\/fornimedical.ch\/fr\/#\/schema\/logo\/image\/","url":"https:\/\/fornimedical.ch\/wp-content\/uploads\/2023\/08\/logo.svg","contentUrl":"https:\/\/fornimedical.ch\/wp-content\/uploads\/2023\/08\/logo.svg","caption":"Forni Medical GmbH"},"image":{"@id":"https:\/\/fornimedical.ch\/fr\/#\/schema\/logo\/image\/"}}]}},"_links":{"self":[{"href":"https:\/\/fornimedical.ch\/fr\/wp-json\/wp\/v2\/product\/12397","targetHints":{"allow":["GET"]}}],"collection":[{"href":"https:\/\/fornimedical.ch\/fr\/wp-json\/wp\/v2\/product"}],"about":[{"href":"https:\/\/fornimedical.ch\/fr\/wp-json\/wp\/v2\/types\/product"}],"replies":[{"embeddable":true,"href":"https:\/\/fornimedical.ch\/fr\/wp-json\/wp\/v2\/comments?post=12397"}],"wp:featuredmedia":[{"embeddable":true,"href":"https:\/\/fornimedical.ch\/fr\/wp-json\/wp\/v2\/media\/12392"}],"wp:attachment":[{"href":"https:\/\/fornimedical.ch\/fr\/wp-json\/wp\/v2\/media?parent=12397"}],"wp:term":[{"taxonomy":"product_brand","embeddable":true,"href":"https:\/\/fornimedical.ch\/fr\/wp-json\/wp\/v2\/product_brand?post=12397"},{"taxonomy":"product_cat","embeddable":true,"href":"https:\/\/fornimedical.ch\/fr\/wp-json\/wp\/v2\/product_cat?post=12397"},{"taxonomy":"product_tag","embeddable":true,"href":"https:\/\/fornimedical.ch\/fr\/wp-json\/wp\/v2\/product_tag?post=12397"}],"curies":[{"name":"wp","href":"https:\/\/api.w.org\/{rel}","templated":true}]}}